{"id":1723,"date":"2023-04-24T10:35:03","date_gmt":"2023-04-24T09:35:03","guid":{"rendered":"https:\/\/yoga-axelle.com\/?page_id=1723"},"modified":"2025-12-03T16:53:20","modified_gmt":"2025-12-03T15:53:20","slug":"sejours","status":"publish","type":"page","link":"https:\/\/yoga-axelle.com\/index.php\/sejours\/","title":{"rendered":"S\u00e9jours"},"content":{"rendered":"\t\t<div data-elementor-type=\"wp-page\" data-elementor-id=\"1723\" class=\"elementor elementor-1723\">\n\t\t\t\t\t\t<section class=\"elementor-section elementor-top-section elementor-element elementor-element-66ac5a48 elementor-section-boxed elementor-section-height-default elementor-section-height-default\" data-id=\"66ac5a48\" data-element_type=\"section\" data-e-type=\"section\" data-settings=\"{&quot;background_background&quot;:&quot;classic&quot;}\">\n\t\t\t\t\t\t<div class=\"elementor-container elementor-column-gap-no\">\n\t\t\t\t\t<div class=\"elementor-column elementor-col-50 elementor-top-column elementor-element elementor-element-6eec537f\" data-id=\"6eec537f\" data-element_type=\"column\" data-e-type=\"column\">\n\t\t\t<div class=\"elementor-widget-wrap elementor-element-populated\">\n\t\t\t\t\t\t<div class=\"elementor-element elementor-element-52b45fb0 elementor-widget elementor-widget-heading\" data-id=\"52b45fb0\" data-element_type=\"widget\" data-e-type=\"widget\" data-widget_type=\"heading.default\">\n\t\t\t\t<div class=\"elementor-widget-container\">\n\t\t\t\t\t<h2 class=\"elementor-heading-title elementor-size-default\">\u00c9v\u00e9nements<\/h2>\t\t\t\t<\/div>\n\t\t\t\t<\/div>\n\t\t\t\t<div class=\"elementor-element elementor-element-7b609d9c elementor-widget-divider--view-line elementor-widget elementor-widget-divider\" data-id=\"7b609d9c\" data-element_type=\"widget\" data-e-type=\"widget\" data-widget_type=\"divider.default\">\n\t\t\t\t<div class=\"elementor-widget-container\">\n\t\t\t\t\t\t\t<div class=\"elementor-divider\">\n\t\t\t<span class=\"elementor-divider-separator\">\n\t\t\t\t\t\t<\/span>\n\t\t<\/div>\n\t\t\t\t\t\t<\/div>\n\t\t\t\t<\/div>\n\t\t\t\t\t<\/div>\n\t\t<\/div>\n\t\t\t\t<div class=\"elementor-column elementor-col-50 elementor-top-column elementor-element elementor-element-7aa48ccb\" data-id=\"7aa48ccb\" data-element_type=\"column\" data-e-type=\"column\">\n\t\t\t<div class=\"elementor-widget-wrap elementor-element-populated\">\n\t\t\t\t\t\t<div class=\"elementor-element elementor-element-33c2cce0 elementor-widget elementor-widget-text-editor\" data-id=\"33c2cce0\" data-element_type=\"widget\" data-e-type=\"widget\" data-widget_type=\"text-editor.default\">\n\t\t\t\t<div class=\"elementor-widget-container\">\n\t\t\t\t\t\t\t\t\t<p>S\u00e9jours, journ\u00e9es, ateliers<\/p>\t\t\t\t\t\t\t\t<\/div>\n\t\t\t\t<\/div>\n\t\t\t\t<div class=\"elementor-element elementor-element-14695650 elementor-widget elementor-widget-text-editor\" data-id=\"14695650\" data-element_type=\"widget\" data-e-type=\"widget\" data-widget_type=\"text-editor.default\">\n\t\t\t\t<div class=\"elementor-widget-container\">\n\t\t\t\t\t\t\t\t\t<p class=\"_04xlpA direction-ltr align-start para-style-subtitle\"><span class=\"S1PPyQ\">Des \u00e9v\u00e9nements bien-\u00eatre pour d\u00e9couvrir de nouvelles pratiques, des exp\u00e9rience uniques ou tout simplement partager de connexion aux mouvements du corps.<\/span><\/p><p class=\"_04xlpA direction-ltr align-start para-style-subtitle\"><span class=\"S1PPyQ\"> Des moments conviviaux et bienveillants sont ouverts \u00e0 tous.<\/span><\/p>\t\t\t\t\t\t\t\t<\/div>\n\t\t\t\t<\/div>\n\t\t\t\t\t<\/div>\n\t\t<\/div>\n\t\t\t\t\t<\/div>\n\t\t<\/section>\n\t\t\t\t<section class=\"elementor-section elementor-top-section elementor-element elementor-element-27a7789f elementor-section-boxed elementor-section-height-default elementor-section-height-default\" data-id=\"27a7789f\" data-element_type=\"section\" data-e-type=\"section\">\n\t\t\t\t\t\t<div class=\"elementor-container elementor-column-gap-default\">\n\t\t\t\t\t<div class=\"elementor-column elementor-col-100 elementor-top-column elementor-element elementor-element-d6d00a1\" data-id=\"d6d00a1\" data-element_type=\"column\" data-e-type=\"column\">\n\t\t\t<div class=\"elementor-widget-wrap elementor-element-populated\">\n\t\t\t\t\t\t<div class=\"elementor-element elementor-element-c82e975 elementor-widget elementor-widget-text-editor\" data-id=\"c82e975\" data-element_type=\"widget\" data-e-type=\"widget\" data-widget_type=\"text-editor.default\">\n\t\t\t\t<div class=\"elementor-widget-container\">\n\t\t\t\t\t\t\t\t\t<p><span style=\"color: var(--ast-global-color-2); font-size: 2rem; font-style: inherit; background-color: var(--ast-global-color-5);\">Pendant l&rsquo;hiver 2025\/2026\u00a0\u00a0<\/span><\/p><h4><span style=\"background-color: var(--ast-global-color-5);\">ATELIERS \u00e0 Saint Martin de Belleville avec <a href=\"https:\/\/www.elodiehudry.com\/\">Elodie<\/a><\/span><span style=\"color: #3e4022; font-size: 16px;\">\u00a0!<\/span><span style=\"background-color: var(--ast-global-color-5); color: #000000; font-family: -apple-system, BlinkMacSystemFont, 'Segoe UI', Roboto, Helvetica, Arial, sans-serif; font-size: 14px; font-style: inherit; font-weight: inherit;\">\u00a0<\/span><\/h4>\t\t\t\t\t\t\t\t<\/div>\n\t\t\t\t<\/div>\n\t\t\t\t<div class=\"elementor-element elementor-element-679e61b elementor-widget elementor-widget-image\" data-id=\"679e61b\" data-element_type=\"widget\" data-e-type=\"widget\" data-widget_type=\"image.default\">\n\t\t\t\t<div class=\"elementor-widget-container\">\n\t\t\t\t\t\t\t\t\t\t\t\t\t\t\t<img fetchpriority=\"high\" decoding=\"async\" width=\"1024\" height=\"1024\" src=\"https:\/\/yoga-axelle.com\/wp-content\/uploads\/2025\/12\/Atelier-Elo-axelle-1024x1024.png\" class=\"attachment-large size-large wp-image-2332\" alt=\"\" srcset=\"https:\/\/yoga-axelle.com\/wp-content\/uploads\/2025\/12\/Atelier-Elo-axelle-1024x1024.png 1024w, https:\/\/yoga-axelle.com\/wp-content\/uploads\/2025\/12\/Atelier-Elo-axelle-300x300.png 300w, https:\/\/yoga-axelle.com\/wp-content\/uploads\/2025\/12\/Atelier-Elo-axelle-150x150.png 150w, https:\/\/yoga-axelle.com\/wp-content\/uploads\/2025\/12\/Atelier-Elo-axelle-768x768.png 768w, https:\/\/yoga-axelle.com\/wp-content\/uploads\/2025\/12\/Atelier-Elo-axelle.png 1080w\" sizes=\"(max-width: 1024px) 100vw, 1024px\" \/>\t\t\t\t\t\t\t\t\t\t\t\t\t\t\t<\/div>\n\t\t\t\t<\/div>\n\t\t\t\t<div class=\"elementor-element elementor-element-03f5ee7 elementor-widget-divider--view-line elementor-widget elementor-widget-divider\" data-id=\"03f5ee7\" data-element_type=\"widget\" data-e-type=\"widget\" data-widget_type=\"divider.default\">\n\t\t\t\t<div class=\"elementor-widget-container\">\n\t\t\t\t\t\t\t<div class=\"elementor-divider\">\n\t\t\t<span class=\"elementor-divider-separator\">\n\t\t\t\t\t\t<\/span>\n\t\t<\/div>\n\t\t\t\t\t\t<\/div>\n\t\t\t\t<\/div>\n\t\t\t\t<div class=\"elementor-element elementor-element-76f67a6e elementor-widget elementor-widget-text-editor\" data-id=\"76f67a6e\" data-element_type=\"widget\" data-e-type=\"widget\" data-widget_type=\"text-editor.default\">\n\t\t\t\t<div class=\"elementor-widget-container\">\n\t\t\t\t\t\t\t\t\t<div>Cet hiver avec \u00c9lodie nous vous proposons plusieurs ateliers !<\/div><div>\u00a0<\/div><div>Au programme : Yoga &amp; \u00e9nergies autour du moment pr\u00e9sent, cercle de parole, cercle de pleine lune&#8230;<\/div><div>\u00a0<\/div><div>Lieu : 10 rue pav\u00e9, 73440 Saint Martin de Belleville<\/div><div>\u00a0<\/div><div>Places limit\u00e9es !<\/div><div>\u00a0<\/div><div>Infos &amp; r\u00e9servations :<\/div><div>Axelle 06 31 57 50 91<\/div><div>Elodie 06 77 61 28 15<\/div><div>\u00a0<\/div><div>Nous sommes impatientes de passer ce moment ensemble !<\/div><p><span style=\"color: #000000; font-family: -apple-system, BlinkMacSystemFont, 'Segoe UI', Roboto, Helvetica, Arial, sans-serif; font-size: 14px; background-color: var(--ast-global-color-5);\">\u00a0<\/span><\/p>\t\t\t\t\t\t\t\t<\/div>\n\t\t\t\t<\/div>\n\t\t\t\t\t<\/div>\n\t\t<\/div>\n\t\t\t\t\t<\/div>\n\t\t<\/section>\n\t\t\t\t<section class=\"elementor-section elementor-top-section elementor-element elementor-element-ktg3oal elementor-section-boxed elementor-section-height-default elementor-section-height-default\" data-id=\"ktg3oal\" data-element_type=\"section\" data-e-type=\"section\" data-settings=\"{&quot;background_background&quot;:&quot;classic&quot;}\">\n\t\t\t\t\t\t<div class=\"elementor-container elementor-column-gap-default\">\n\t\t\t\t\t<div class=\"elementor-column elementor-col-100 elementor-top-column elementor-element elementor-element-3bfd4be\" data-id=\"3bfd4be\" data-element_type=\"column\" data-e-type=\"column\">\n\t\t\t<div class=\"elementor-widget-wrap elementor-element-populated\">\n\t\t\t\t\t\t<div class=\"elementor-element elementor-element-0a1f6a0 elementor-widget elementor-widget-heading\" data-id=\"0a1f6a0\" data-element_type=\"widget\" data-e-type=\"widget\" data-widget_type=\"heading.default\">\n\t\t\t\t<div class=\"elementor-widget-container\">\n\t\t\t\t\t<h2 class=\"elementor-heading-title elementor-size-default\">Retour sur les derniers s\u00e9jours<\/h2>\t\t\t\t<\/div>\n\t\t\t\t<\/div>\n\t\t\t\t<div class=\"elementor-element elementor-element-e5243f1 elementor-widget elementor-widget-text-editor\" data-id=\"e5243f1\" data-element_type=\"widget\" data-e-type=\"widget\" data-widget_type=\"text-editor.default\">\n\t\t\t\t<div class=\"elementor-widget-container\">\n\t\t\t\t\t\t\t\t\t<p>En images sur ces\u00a0 quelques jours au Refuge Le Trait d&rsquo;Union<\/p>\t\t\t\t\t\t\t\t<\/div>\n\t\t\t\t<\/div>\n\t\t\t\t<div class=\"elementor-element elementor-element-c03f93f elementor-widget-divider--view-line elementor-widget elementor-widget-divider\" data-id=\"c03f93f\" data-element_type=\"widget\" data-e-type=\"widget\" data-widget_type=\"divider.default\">\n\t\t\t\t<div class=\"elementor-widget-container\">\n\t\t\t\t\t\t\t<div class=\"elementor-divider\">\n\t\t\t<span class=\"elementor-divider-separator\">\n\t\t\t\t\t\t<\/span>\n\t\t<\/div>\n\t\t\t\t\t\t<\/div>\n\t\t\t\t<\/div>\n\t\t\t\t<div class=\"elementor-element elementor-element-3741179 gallery-spacing-custom elementor-widget elementor-widget-image-gallery\" data-id=\"3741179\" data-element_type=\"widget\" data-e-type=\"widget\" data-widget_type=\"image-gallery.default\">\n\t\t\t\t<div class=\"elementor-widget-container\">\n\t\t\t\t\t\t\t<div class=\"elementor-image-gallery\">\n\t\t\t<div id='gallery-1' class='gallery galleryid-1723 gallery-columns-4 gallery-size-medium'><figure class='gallery-item'>\n\t\t\t<div class='gallery-icon landscape'>\n\t\t\t\t<a data-elementor-open-lightbox=\"yes\" data-elementor-lightbox-slideshow=\"3741179\" data-elementor-lightbox-title=\"Week-end_yoga\" data-e-action-hash=\"#elementor-action%3Aaction%3Dlightbox%26settings%3DeyJpZCI6MTg3NywidXJsIjoiaHR0cHM6XC9cL3lvZ2EtYXhlbGxlLmNvbVwvd3AtY29udGVudFwvdXBsb2Fkc1wvMjAyM1wvMDdcL1dlZWstZW5kX3lvZ2EtTGVzX01lbnVpcmVzLTE2MDYyMy1BbGluZV9IdWRyeS03Ny5qcGciLCJzbGlkZXNob3ciOiIzNzQxMTc5In0%3D\" href='https:\/\/yoga-axelle.com\/wp-content\/uploads\/2023\/07\/Week-end_yoga-Les_Menuires-160623-Aline_Hudry-77.jpg'><img decoding=\"async\" width=\"300\" height=\"199\" src=\"https:\/\/yoga-axelle.com\/wp-content\/uploads\/2023\/07\/Week-end_yoga-Les_Menuires-160623-Aline_Hudry-77-300x199.jpg\" class=\"attachment-medium size-medium\" alt=\"\" aria-describedby=\"gallery-1-1877\" srcset=\"https:\/\/yoga-axelle.com\/wp-content\/uploads\/2023\/07\/Week-end_yoga-Les_Menuires-160623-Aline_Hudry-77-300x199.jpg 300w, https:\/\/yoga-axelle.com\/wp-content\/uploads\/2023\/07\/Week-end_yoga-Les_Menuires-160623-Aline_Hudry-77-1024x679.jpg 1024w, https:\/\/yoga-axelle.com\/wp-content\/uploads\/2023\/07\/Week-end_yoga-Les_Menuires-160623-Aline_Hudry-77-768x509.jpg 768w, https:\/\/yoga-axelle.com\/wp-content\/uploads\/2023\/07\/Week-end_yoga-Les_Menuires-160623-Aline_Hudry-77.jpg 1500w\" sizes=\"(max-width: 300px) 100vw, 300px\" \/><\/a>\n\t\t\t<\/div>\n\t\t\t\t<figcaption class='wp-caption-text gallery-caption' id='gallery-1-1877'>\n\t\t\t\tCours sur la terrasse\n\t\t\t\t<\/figcaption><\/figure><figure class='gallery-item'>\n\t\t\t<div class='gallery-icon portrait'>\n\t\t\t\t<a data-elementor-open-lightbox=\"yes\" data-elementor-lightbox-slideshow=\"3741179\" data-elementor-lightbox-title=\"Week-end_yoga\" data-e-action-hash=\"#elementor-action%3Aaction%3Dlightbox%26settings%3DeyJpZCI6MTg3NiwidXJsIjoiaHR0cHM6XC9cL3lvZ2EtYXhlbGxlLmNvbVwvd3AtY29udGVudFwvdXBsb2Fkc1wvMjAyM1wvMDdcL1dlZWstZW5kX3lvZ2EtTGVzX01lbnVpcmVzLTE2MDYyMy1BbGluZV9IdWRyeS02Ni5qcGciLCJzbGlkZXNob3ciOiIzNzQxMTc5In0%3D\" href='https:\/\/yoga-axelle.com\/wp-content\/uploads\/2023\/07\/Week-end_yoga-Les_Menuires-160623-Aline_Hudry-66.jpg'><img decoding=\"async\" width=\"209\" height=\"300\" src=\"https:\/\/yoga-axelle.com\/wp-content\/uploads\/2023\/07\/Week-end_yoga-Les_Menuires-160623-Aline_Hudry-66-209x300.jpg\" class=\"attachment-medium size-medium\" alt=\"\" aria-describedby=\"gallery-1-1876\" srcset=\"https:\/\/yoga-axelle.com\/wp-content\/uploads\/2023\/07\/Week-end_yoga-Les_Menuires-160623-Aline_Hudry-66-209x300.jpg 209w, https:\/\/yoga-axelle.com\/wp-content\/uploads\/2023\/07\/Week-end_yoga-Les_Menuires-160623-Aline_Hudry-66-713x1024.jpg 713w, https:\/\/yoga-axelle.com\/wp-content\/uploads\/2023\/07\/Week-end_yoga-Les_Menuires-160623-Aline_Hudry-66-768x1102.jpg 768w, https:\/\/yoga-axelle.com\/wp-content\/uploads\/2023\/07\/Week-end_yoga-Les_Menuires-160623-Aline_Hudry-66.jpg 1045w\" sizes=\"(max-width: 209px) 100vw, 209px\" \/><\/a>\n\t\t\t<\/div>\n\t\t\t\t<figcaption class='wp-caption-text gallery-caption' id='gallery-1-1876'>\n\t\t\t\tTirage d&rsquo;oracle\n\t\t\t\t<\/figcaption><\/figure><figure class='gallery-item'>\n\t\t\t<div class='gallery-icon landscape'>\n\t\t\t\t<a data-elementor-open-lightbox=\"yes\" data-elementor-lightbox-slideshow=\"3741179\" data-elementor-lightbox-title=\"Week-end_yoga\" data-e-action-hash=\"#elementor-action%3Aaction%3Dlightbox%26settings%3DeyJpZCI6MTg3OSwidXJsIjoiaHR0cHM6XC9cL3lvZ2EtYXhlbGxlLmNvbVwvd3AtY29udGVudFwvdXBsb2Fkc1wvMjAyM1wvMDdcL1dlZWstZW5kX3lvZ2EtTGVzX01lbnVpcmVzLTE3MDYyMy1BbGluZV9IdWRyeS03LmpwZyIsInNsaWRlc2hvdyI6IjM3NDExNzkifQ%3D%3D\" href='https:\/\/yoga-axelle.com\/wp-content\/uploads\/2023\/07\/Week-end_yoga-Les_Menuires-170623-Aline_Hudry-7.jpg'><img loading=\"lazy\" decoding=\"async\" width=\"300\" height=\"213\" src=\"https:\/\/yoga-axelle.com\/wp-content\/uploads\/2023\/07\/Week-end_yoga-Les_Menuires-170623-Aline_Hudry-7-300x213.jpg\" class=\"attachment-medium size-medium\" alt=\"\" aria-describedby=\"gallery-1-1879\" srcset=\"https:\/\/yoga-axelle.com\/wp-content\/uploads\/2023\/07\/Week-end_yoga-Les_Menuires-170623-Aline_Hudry-7-300x213.jpg 300w, https:\/\/yoga-axelle.com\/wp-content\/uploads\/2023\/07\/Week-end_yoga-Les_Menuires-170623-Aline_Hudry-7-1024x726.jpg 1024w, https:\/\/yoga-axelle.com\/wp-content\/uploads\/2023\/07\/Week-end_yoga-Les_Menuires-170623-Aline_Hudry-7-768x544.jpg 768w, https:\/\/yoga-axelle.com\/wp-content\/uploads\/2023\/07\/Week-end_yoga-Les_Menuires-170623-Aline_Hudry-7.jpg 1500w\" sizes=\"(max-width: 300px) 100vw, 300px\" \/><\/a>\n\t\t\t<\/div>\n\t\t\t\t<figcaption class='wp-caption-text gallery-caption' id='gallery-1-1879'>\n\t\t\t\tR\u00e9veil des yogis\n\t\t\t\t<\/figcaption><\/figure><figure class='gallery-item'>\n\t\t\t<div class='gallery-icon portrait'>\n\t\t\t\t<a data-elementor-open-lightbox=\"yes\" data-elementor-lightbox-slideshow=\"3741179\" data-elementor-lightbox-title=\"Week-end_yoga\" data-e-action-hash=\"#elementor-action%3Aaction%3Dlightbox%26settings%3DeyJpZCI6MTg3OCwidXJsIjoiaHR0cHM6XC9cL3lvZ2EtYXhlbGxlLmNvbVwvd3AtY29udGVudFwvdXBsb2Fkc1wvMjAyM1wvMDdcL1dlZWstZW5kX3lvZ2EtTGVzX01lbnVpcmVzLTE2MDYyMy1BbGluZV9IdWRyeS04Ny5qcGciLCJzbGlkZXNob3ciOiIzNzQxMTc5In0%3D\" href='https:\/\/yoga-axelle.com\/wp-content\/uploads\/2023\/07\/Week-end_yoga-Les_Menuires-160623-Aline_Hudry-87.jpg'><img loading=\"lazy\" decoding=\"async\" width=\"232\" height=\"300\" src=\"https:\/\/yoga-axelle.com\/wp-content\/uploads\/2023\/07\/Week-end_yoga-Les_Menuires-160623-Aline_Hudry-87-232x300.jpg\" class=\"attachment-medium size-medium\" alt=\"\" aria-describedby=\"gallery-1-1878\" srcset=\"https:\/\/yoga-axelle.com\/wp-content\/uploads\/2023\/07\/Week-end_yoga-Les_Menuires-160623-Aline_Hudry-87-232x300.jpg 232w, https:\/\/yoga-axelle.com\/wp-content\/uploads\/2023\/07\/Week-end_yoga-Les_Menuires-160623-Aline_Hudry-87-793x1024.jpg 793w, https:\/\/yoga-axelle.com\/wp-content\/uploads\/2023\/07\/Week-end_yoga-Les_Menuires-160623-Aline_Hudry-87-768x992.jpg 768w, https:\/\/yoga-axelle.com\/wp-content\/uploads\/2023\/07\/Week-end_yoga-Les_Menuires-160623-Aline_Hudry-87.jpg 1161w\" sizes=\"(max-width: 232px) 100vw, 232px\" \/><\/a>\n\t\t\t<\/div>\n\t\t\t\t<figcaption class='wp-caption-text gallery-caption' id='gallery-1-1878'>\n\t\t\t\tVue du refuge\n\t\t\t\t<\/figcaption><\/figure><figure class='gallery-item'>\n\t\t\t<div class='gallery-icon portrait'>\n\t\t\t\t<a data-elementor-open-lightbox=\"yes\" data-elementor-lightbox-slideshow=\"3741179\" data-elementor-lightbox-title=\"Week-end_yoga\" data-e-action-hash=\"#elementor-action%3Aaction%3Dlightbox%26settings%3DeyJpZCI6MTg1MCwidXJsIjoiaHR0cHM6XC9cL3lvZ2EtYXhlbGxlLmNvbVwvd3AtY29udGVudFwvdXBsb2Fkc1wvMjAyM1wvMDdcL1dlZWstZW5kX3lvZ2EtTGVzX01lbnVpcmVzLTE3MDYyMy1BbGluZV9IdWRyeS0xMi5qcGciLCJzbGlkZXNob3ciOiIzNzQxMTc5In0%3D\" href='https:\/\/yoga-axelle.com\/wp-content\/uploads\/2023\/07\/Week-end_yoga-Les_Menuires-170623-Aline_Hudry-12.jpg'><img loading=\"lazy\" decoding=\"async\" width=\"200\" height=\"300\" src=\"https:\/\/yoga-axelle.com\/wp-content\/uploads\/2023\/07\/Week-end_yoga-Les_Menuires-170623-Aline_Hudry-12-200x300.jpg\" class=\"attachment-medium size-medium\" alt=\"\" aria-describedby=\"gallery-1-1850\" srcset=\"https:\/\/yoga-axelle.com\/wp-content\/uploads\/2023\/07\/Week-end_yoga-Les_Menuires-170623-Aline_Hudry-12-200x300.jpg 200w, https:\/\/yoga-axelle.com\/wp-content\/uploads\/2023\/07\/Week-end_yoga-Les_Menuires-170623-Aline_Hudry-12-682x1024.jpg 682w, https:\/\/yoga-axelle.com\/wp-content\/uploads\/2023\/07\/Week-end_yoga-Les_Menuires-170623-Aline_Hudry-12-768x1153.jpg 768w, https:\/\/yoga-axelle.com\/wp-content\/uploads\/2023\/07\/Week-end_yoga-Les_Menuires-170623-Aline_Hudry-12-1023x1536.jpg 1023w, https:\/\/yoga-axelle.com\/wp-content\/uploads\/2023\/07\/Week-end_yoga-Les_Menuires-170623-Aline_Hudry-12.jpg 1066w\" sizes=\"(max-width: 200px) 100vw, 200px\" \/><\/a>\n\t\t\t<\/div>\n\t\t\t\t<figcaption class='wp-caption-text gallery-caption' id='gallery-1-1850'>\n\t\t\t\tPratique du matin\n\t\t\t\t<\/figcaption><\/figure><figure class='gallery-item'>\n\t\t\t<div class='gallery-icon landscape'>\n\t\t\t\t<a data-elementor-open-lightbox=\"yes\" data-elementor-lightbox-slideshow=\"3741179\" data-elementor-lightbox-title=\"Week-end_yoga\" data-e-action-hash=\"#elementor-action%3Aaction%3Dlightbox%26settings%3DeyJpZCI6MTg4MSwidXJsIjoiaHR0cHM6XC9cL3lvZ2EtYXhlbGxlLmNvbVwvd3AtY29udGVudFwvdXBsb2Fkc1wvMjAyM1wvMDdcL1dlZWstZW5kX3lvZ2EtTGVzX01lbnVpcmVzLTE3MDYyMy1BbGluZV9IdWRyeS0yNC5qcGciLCJzbGlkZXNob3ciOiIzNzQxMTc5In0%3D\" href='https:\/\/yoga-axelle.com\/wp-content\/uploads\/2023\/07\/Week-end_yoga-Les_Menuires-170623-Aline_Hudry-24.jpg'><img loading=\"lazy\" decoding=\"async\" width=\"300\" height=\"193\" src=\"https:\/\/yoga-axelle.com\/wp-content\/uploads\/2023\/07\/Week-end_yoga-Les_Menuires-170623-Aline_Hudry-24-300x193.jpg\" class=\"attachment-medium size-medium\" alt=\"\" aria-describedby=\"gallery-1-1881\" srcset=\"https:\/\/yoga-axelle.com\/wp-content\/uploads\/2023\/07\/Week-end_yoga-Les_Menuires-170623-Aline_Hudry-24-300x193.jpg 300w, https:\/\/yoga-axelle.com\/wp-content\/uploads\/2023\/07\/Week-end_yoga-Les_Menuires-170623-Aline_Hudry-24-1024x658.jpg 1024w, https:\/\/yoga-axelle.com\/wp-content\/uploads\/2023\/07\/Week-end_yoga-Les_Menuires-170623-Aline_Hudry-24-768x494.jpg 768w, https:\/\/yoga-axelle.com\/wp-content\/uploads\/2023\/07\/Week-end_yoga-Les_Menuires-170623-Aline_Hudry-24.jpg 1500w\" sizes=\"(max-width: 300px) 100vw, 300px\" \/><\/a>\n\t\t\t<\/div>\n\t\t\t\t<figcaption class='wp-caption-text gallery-caption' id='gallery-1-1881'>\n\t\t\t\tLes bons produits\n\t\t\t\t<\/figcaption><\/figure><figure class='gallery-item'>\n\t\t\t<div class='gallery-icon portrait'>\n\t\t\t\t<a data-elementor-open-lightbox=\"yes\" data-elementor-lightbox-slideshow=\"3741179\" data-elementor-lightbox-title=\"Week-end_yoga\" data-e-action-hash=\"#elementor-action%3Aaction%3Dlightbox%26settings%3DeyJpZCI6MTg3NSwidXJsIjoiaHR0cHM6XC9cL3lvZ2EtYXhlbGxlLmNvbVwvd3AtY29udGVudFwvdXBsb2Fkc1wvMjAyM1wvMDdcL1dlZWstZW5kX3lvZ2EtTGVzX01lbnVpcmVzLTE2MDYyMy1BbGluZV9IdWRyeS0zMy5qcGciLCJzbGlkZXNob3ciOiIzNzQxMTc5In0%3D\" href='https:\/\/yoga-axelle.com\/wp-content\/uploads\/2023\/07\/Week-end_yoga-Les_Menuires-160623-Aline_Hudry-33.jpg'><img loading=\"lazy\" decoding=\"async\" width=\"206\" height=\"300\" src=\"https:\/\/yoga-axelle.com\/wp-content\/uploads\/2023\/07\/Week-end_yoga-Les_Menuires-160623-Aline_Hudry-33-206x300.jpg\" class=\"attachment-medium size-medium\" alt=\"\" aria-describedby=\"gallery-1-1875\" srcset=\"https:\/\/yoga-axelle.com\/wp-content\/uploads\/2023\/07\/Week-end_yoga-Les_Menuires-160623-Aline_Hudry-33-206x300.jpg 206w, https:\/\/yoga-axelle.com\/wp-content\/uploads\/2023\/07\/Week-end_yoga-Les_Menuires-160623-Aline_Hudry-33-703x1024.jpg 703w, https:\/\/yoga-axelle.com\/wp-content\/uploads\/2023\/07\/Week-end_yoga-Les_Menuires-160623-Aline_Hudry-33-768x1118.jpg 768w, https:\/\/yoga-axelle.com\/wp-content\/uploads\/2023\/07\/Week-end_yoga-Les_Menuires-160623-Aline_Hudry-33.jpg 1030w\" sizes=\"(max-width: 206px) 100vw, 206px\" \/><\/a>\n\t\t\t<\/div>\n\t\t\t\t<figcaption class='wp-caption-text gallery-caption' id='gallery-1-1875'>\n\t\t\t\tArriv\u00e9e au Refuge le trait d&rsquo;union\n\t\t\t\t<\/figcaption><\/figure><figure class='gallery-item'>\n\t\t\t<div class='gallery-icon portrait'>\n\t\t\t\t<a data-elementor-open-lightbox=\"yes\" data-elementor-lightbox-slideshow=\"3741179\" data-elementor-lightbox-title=\"Week-end_yoga\" data-e-action-hash=\"#elementor-action%3Aaction%3Dlightbox%26settings%3DeyJpZCI6MTg4MCwidXJsIjoiaHR0cHM6XC9cL3lvZ2EtYXhlbGxlLmNvbVwvd3AtY29udGVudFwvdXBsb2Fkc1wvMjAyM1wvMDdcL1dlZWstZW5kX3lvZ2EtTGVzX01lbnVpcmVzLTE2MDYyMy1BbGluZV9IdWRyeS02Mi5qcGciLCJzbGlkZXNob3ciOiIzNzQxMTc5In0%3D\" href='https:\/\/yoga-axelle.com\/wp-content\/uploads\/2023\/07\/Week-end_yoga-Les_Menuires-160623-Aline_Hudry-62.jpg'><img loading=\"lazy\" decoding=\"async\" width=\"196\" height=\"300\" src=\"https:\/\/yoga-axelle.com\/wp-content\/uploads\/2023\/07\/Week-end_yoga-Les_Menuires-160623-Aline_Hudry-62-196x300.jpg\" class=\"attachment-medium size-medium\" alt=\"\" aria-describedby=\"gallery-1-1880\" srcset=\"https:\/\/yoga-axelle.com\/wp-content\/uploads\/2023\/07\/Week-end_yoga-Les_Menuires-160623-Aline_Hudry-62-196x300.jpg 196w, https:\/\/yoga-axelle.com\/wp-content\/uploads\/2023\/07\/Week-end_yoga-Les_Menuires-160623-Aline_Hudry-62-670x1024.jpg 670w, https:\/\/yoga-axelle.com\/wp-content\/uploads\/2023\/07\/Week-end_yoga-Les_Menuires-160623-Aline_Hudry-62-768x1174.jpg 768w, https:\/\/yoga-axelle.com\/wp-content\/uploads\/2023\/07\/Week-end_yoga-Les_Menuires-160623-Aline_Hudry-62.jpg 981w\" sizes=\"(max-width: 196px) 100vw, 196px\" \/><\/a>\n\t\t\t<\/div>\n\t\t\t\t<figcaption class='wp-caption-text gallery-caption' id='gallery-1-1880'>\n\t\t\t\tL&rsquo;heure du gouter\n\t\t\t\t<\/figcaption><\/figure>\n\t\t<\/div>\n\t\t<\/div>\n\t\t\t\t\t\t<\/div>\n\t\t\t\t<\/div>\n\t\t\t\t\t<\/div>\n\t\t<\/div>\n\t\t\t\t\t<\/div>\n\t\t<\/section>\n\t\t\t\t<section class=\"elementor-section elementor-top-section elementor-element elementor-element-42e2fd28 elementor-section-boxed elementor-section-height-default elementor-section-height-default\" data-id=\"42e2fd28\" data-element_type=\"section\" data-e-type=\"section\" data-settings=\"{&quot;background_background&quot;:&quot;classic&quot;}\">\n\t\t\t\t\t\t<div class=\"elementor-container elementor-column-gap-no\">\n\t\t\t\t\t<div class=\"elementor-column elementor-col-100 elementor-top-column elementor-element elementor-element-41121982\" data-id=\"41121982\" data-element_type=\"column\" data-e-type=\"column\">\n\t\t\t<div class=\"elementor-widget-wrap\">\n\t\t\t\t\t\t\t<\/div>\n\t\t<\/div>\n\t\t\t\t\t<\/div>\n\t\t<\/section>\n\t\t\t\t<\/div>\n\t\t","protected":false},"excerpt":{"rendered":"<p>\u00c9v\u00e9nements S\u00e9jours, journ\u00e9es, ateliers Des \u00e9v\u00e9nements bien-\u00eatre pour d\u00e9couvrir de nouvelles pratiques, des exp\u00e9rience uniques ou tout simplement partager de connexion aux mouvements du corps. Des moments conviviaux et bienveillants sont ouverts \u00e0 tous. Pendant l&rsquo;hiver 2025\/2026\u00a0\u00a0 ATELIERS \u00e0 Saint Martin de Belleville avec Elodie\u00a0!\u00a0 Cet hiver avec \u00c9lodie nous vous proposons plusieurs ateliers !\u00a0Au [&hellip;]<\/p>\n","protected":false},"author":1,"featured_media":0,"parent":0,"menu_order":0,"comment_status":"closed","ping_status":"closed","template":"","meta":{"site-sidebar-layout":"no-sidebar","site-content-layout":"page-builder","ast-site-content-layout":"default","site-content-style":"default","site-sidebar-style":"default","ast-global-header-display":"","ast-banner-title-visibility":"","ast-main-header-display":"","ast-hfb-above-header-display":"","ast-hfb-below-header-display":"","ast-hfb-mobile-header-display":"","site-post-title":"disabled","ast-breadcrumbs-content":"","ast-featured-img":"disabled","footer-sml-layout":"","ast-disable-related-posts":"","theme-transparent-header-meta":"","adv-header-id-meta":"","stick-header-meta":"","header-above-stick-meta":"","header-main-stick-meta":"","header-below-stick-meta":"","astra-migrate-meta-layouts":"default","ast-page-background-enabled":"default","ast-page-background-meta":{"desktop":{"background-color":"var(--ast-global-color-4)","background-image":"","background-repeat":"repeat","background-position":"center center","background-size":"auto","background-attachment":"scroll","background-type":"","background-media":"","overlay-type":"","overlay-color":"","overlay-opacity":"","overlay-gradient":""},"tablet":{"background-color":"","background-image":"","background-repeat":"repeat","background-position":"center center","background-size":"auto","background-attachment":"scroll","background-type":"","background-media":"","overlay-type":"","overlay-color":"","overlay-opacity":"","overlay-gradient":""},"mobile":{"background-color":"","background-image":"","background-repeat":"repeat","background-position":"center center","background-size":"auto","background-attachment":"scroll","background-type":"","background-media":"","overlay-type":"","overlay-color":"","overlay-opacity":"","overlay-gradient":""}},"ast-content-background-meta":{"desktop":{"background-color":"var(--ast-global-color-5)","background-image":"","background-repeat":"repeat","background-position":"center center","background-size":"auto","background-attachment":"scroll","background-type":"","background-media":"","overlay-type":"","overlay-color":"","overlay-opacity":"","overlay-gradient":""},"tablet":{"background-color":"var(--ast-global-color-5)","background-image":"","background-repeat":"repeat","background-position":"center center","background-size":"auto","background-attachment":"scroll","background-type":"","background-media":"","overlay-type":"","overlay-color":"","overlay-opacity":"","overlay-gradient":""},"mobile":{"background-color":"var(--ast-global-color-5)","background-image":"","background-repeat":"repeat","background-position":"center center","background-size":"auto","background-attachment":"scroll","background-type":"","background-media":"","overlay-type":"","overlay-color":"","overlay-opacity":"","overlay-gradient":""}},"footnotes":""},"class_list":["post-1723","page","type-page","status-publish","hentry"],"yoast_head":"<!-- This site is optimized with the Yoast SEO plugin v26.9 - https:\/\/yoast.com\/product\/yoast-seo-wordpress\/ -->\n<title>S\u00e9jours - Yoga avec Axelle<\/title>\n<meta name=\"robots\" content=\"index, follow, max-snippet:-1, max-image-preview:large, max-video-preview:-1\" \/>\n<link rel=\"canonical\" href=\"https:\/\/yoga-axelle.com\/index.php\/sejours\/\" \/>\n<meta property=\"og:locale\" content=\"fr_FR\" \/>\n<meta property=\"og:type\" content=\"article\" \/>\n<meta property=\"og:title\" content=\"S\u00e9jours - Yoga avec Axelle\" \/>\n<meta property=\"og:description\" content=\"\u00c9v\u00e9nements S\u00e9jours, journ\u00e9es, ateliers Des \u00e9v\u00e9nements bien-\u00eatre pour d\u00e9couvrir de nouvelles pratiques, des exp\u00e9rience uniques ou tout simplement partager de connexion aux mouvements du corps. Des moments conviviaux et bienveillants sont ouverts \u00e0 tous. Pendant l&rsquo;hiver 2025\/2026\u00a0\u00a0 ATELIERS \u00e0 Saint Martin de Belleville avec Elodie\u00a0!\u00a0 Cet hiver avec \u00c9lodie nous vous proposons plusieurs ateliers !\u00a0Au [&hellip;]\" \/>\n<meta property=\"og:url\" content=\"https:\/\/yoga-axelle.com\/index.php\/sejours\/\" \/>\n<meta property=\"og:site_name\" content=\"Yoga avec Axelle\" \/>\n<meta property=\"article:modified_time\" content=\"2025-12-03T15:53:20+00:00\" \/>\n<meta property=\"og:image\" content=\"https:\/\/yoga-axelle.com\/wp-content\/uploads\/2025\/12\/Atelier-Elo-axelle-1024x1024.png\" \/>\n<meta name=\"twitter:card\" content=\"summary_large_image\" \/>\n<meta name=\"twitter:label1\" content=\"Dur\u00e9e de lecture estim\u00e9e\" \/>\n\t<meta name=\"twitter:data1\" content=\"3 minutes\" \/>\n<script type=\"application\/ld+json\" class=\"yoast-schema-graph\">{\"@context\":\"https:\/\/schema.org\",\"@graph\":[{\"@type\":\"WebPage\",\"@id\":\"https:\/\/yoga-axelle.com\/index.php\/sejours\/\",\"url\":\"https:\/\/yoga-axelle.com\/index.php\/sejours\/\",\"name\":\"S\u00e9jours - Yoga avec Axelle\",\"isPartOf\":{\"@id\":\"https:\/\/yoga-axelle.com\/#website\"},\"primaryImageOfPage\":{\"@id\":\"https:\/\/yoga-axelle.com\/index.php\/sejours\/#primaryimage\"},\"image\":{\"@id\":\"https:\/\/yoga-axelle.com\/index.php\/sejours\/#primaryimage\"},\"thumbnailUrl\":\"https:\/\/yoga-axelle.com\/wp-content\/uploads\/2025\/12\/Atelier-Elo-axelle-1024x1024.png\",\"datePublished\":\"2023-04-24T09:35:03+00:00\",\"dateModified\":\"2025-12-03T15:53:20+00:00\",\"breadcrumb\":{\"@id\":\"https:\/\/yoga-axelle.com\/index.php\/sejours\/#breadcrumb\"},\"inLanguage\":\"fr-FR\",\"potentialAction\":[{\"@type\":\"ReadAction\",\"target\":[\"https:\/\/yoga-axelle.com\/index.php\/sejours\/\"]}]},{\"@type\":\"ImageObject\",\"inLanguage\":\"fr-FR\",\"@id\":\"https:\/\/yoga-axelle.com\/index.php\/sejours\/#primaryimage\",\"url\":\"https:\/\/yoga-axelle.com\/wp-content\/uploads\/2025\/12\/Atelier-Elo-axelle.png\",\"contentUrl\":\"https:\/\/yoga-axelle.com\/wp-content\/uploads\/2025\/12\/Atelier-Elo-axelle.png\",\"width\":1080,\"height\":1080},{\"@type\":\"BreadcrumbList\",\"@id\":\"https:\/\/yoga-axelle.com\/index.php\/sejours\/#breadcrumb\",\"itemListElement\":[{\"@type\":\"ListItem\",\"position\":1,\"name\":\"Accueil\",\"item\":\"https:\/\/yoga-axelle.com\/\"},{\"@type\":\"ListItem\",\"position\":2,\"name\":\"S\u00e9jours\"}]},{\"@type\":\"WebSite\",\"@id\":\"https:\/\/yoga-axelle.com\/#website\",\"url\":\"https:\/\/yoga-axelle.com\/\",\"name\":\"Yoga avec Axelle\",\"description\":\"Cours de yoga dans la vall\u00e9e des belleville\",\"publisher\":{\"@id\":\"https:\/\/yoga-axelle.com\/#\/schema\/person\/62229ced9611c30f8c239045dcacbf49\"},\"potentialAction\":[{\"@type\":\"SearchAction\",\"target\":{\"@type\":\"EntryPoint\",\"urlTemplate\":\"https:\/\/yoga-axelle.com\/?s={search_term_string}\"},\"query-input\":{\"@type\":\"PropertyValueSpecification\",\"valueRequired\":true,\"valueName\":\"search_term_string\"}}],\"inLanguage\":\"fr-FR\"},{\"@type\":[\"Person\",\"Organization\"],\"@id\":\"https:\/\/yoga-axelle.com\/#\/schema\/person\/62229ced9611c30f8c239045dcacbf49\",\"name\":\"Axelle\",\"image\":{\"@type\":\"ImageObject\",\"inLanguage\":\"fr-FR\",\"@id\":\"https:\/\/yoga-axelle.com\/#\/schema\/person\/image\/\",\"url\":\"https:\/\/yoga-axelle.com\/wp-content\/uploads\/2022\/12\/cropped-cropped-cropped-Brown-and-Black-Aesthetic-Skin-Care-Beauty-Logo-2.png\",\"contentUrl\":\"https:\/\/yoga-axelle.com\/wp-content\/uploads\/2022\/12\/cropped-cropped-cropped-Brown-and-Black-Aesthetic-Skin-Care-Beauty-Logo-2.png\",\"width\":272,\"height\":342,\"caption\":\"Axelle\"},\"logo\":{\"@id\":\"https:\/\/yoga-axelle.com\/#\/schema\/person\/image\/\"},\"sameAs\":[\"http:\/\/yoga-axelle.com\"]}]}<\/script>\n<!-- \/ Yoast SEO plugin. -->","yoast_head_json":{"title":"S\u00e9jours - Yoga avec Axelle","robots":{"index":"index","follow":"follow","max-snippet":"max-snippet:-1","max-image-preview":"max-image-preview:large","max-video-preview":"max-video-preview:-1"},"canonical":"https:\/\/yoga-axelle.com\/index.php\/sejours\/","og_locale":"fr_FR","og_type":"article","og_title":"S\u00e9jours - Yoga avec Axelle","og_description":"\u00c9v\u00e9nements S\u00e9jours, journ\u00e9es, ateliers Des \u00e9v\u00e9nements bien-\u00eatre pour d\u00e9couvrir de nouvelles pratiques, des exp\u00e9rience uniques ou tout simplement partager de connexion aux mouvements du corps. Des moments conviviaux et bienveillants sont ouverts \u00e0 tous. Pendant l&rsquo;hiver 2025\/2026\u00a0\u00a0 ATELIERS \u00e0 Saint Martin de Belleville avec Elodie\u00a0!\u00a0 Cet hiver avec \u00c9lodie nous vous proposons plusieurs ateliers !\u00a0Au [&hellip;]","og_url":"https:\/\/yoga-axelle.com\/index.php\/sejours\/","og_site_name":"Yoga avec Axelle","article_modified_time":"2025-12-03T15:53:20+00:00","og_image":[{"url":"https:\/\/yoga-axelle.com\/wp-content\/uploads\/2025\/12\/Atelier-Elo-axelle-1024x1024.png","type":"","width":"","height":""}],"twitter_card":"summary_large_image","twitter_misc":{"Dur\u00e9e de lecture estim\u00e9e":"3 minutes"},"schema":{"@context":"https:\/\/schema.org","@graph":[{"@type":"WebPage","@id":"https:\/\/yoga-axelle.com\/index.php\/sejours\/","url":"https:\/\/yoga-axelle.com\/index.php\/sejours\/","name":"S\u00e9jours - Yoga avec Axelle","isPartOf":{"@id":"https:\/\/yoga-axelle.com\/#website"},"primaryImageOfPage":{"@id":"https:\/\/yoga-axelle.com\/index.php\/sejours\/#primaryimage"},"image":{"@id":"https:\/\/yoga-axelle.com\/index.php\/sejours\/#primaryimage"},"thumbnailUrl":"https:\/\/yoga-axelle.com\/wp-content\/uploads\/2025\/12\/Atelier-Elo-axelle-1024x1024.png","datePublished":"2023-04-24T09:35:03+00:00","dateModified":"2025-12-03T15:53:20+00:00","breadcrumb":{"@id":"https:\/\/yoga-axelle.com\/index.php\/sejours\/#breadcrumb"},"inLanguage":"fr-FR","potentialAction":[{"@type":"ReadAction","target":["https:\/\/yoga-axelle.com\/index.php\/sejours\/"]}]},{"@type":"ImageObject","inLanguage":"fr-FR","@id":"https:\/\/yoga-axelle.com\/index.php\/sejours\/#primaryimage","url":"https:\/\/yoga-axelle.com\/wp-content\/uploads\/2025\/12\/Atelier-Elo-axelle.png","contentUrl":"https:\/\/yoga-axelle.com\/wp-content\/uploads\/2025\/12\/Atelier-Elo-axelle.png","width":1080,"height":1080},{"@type":"BreadcrumbList","@id":"https:\/\/yoga-axelle.com\/index.php\/sejours\/#breadcrumb","itemListElement":[{"@type":"ListItem","position":1,"name":"Accueil","item":"https:\/\/yoga-axelle.com\/"},{"@type":"ListItem","position":2,"name":"S\u00e9jours"}]},{"@type":"WebSite","@id":"https:\/\/yoga-axelle.com\/#website","url":"https:\/\/yoga-axelle.com\/","name":"Yoga avec Axelle","description":"Cours de yoga dans la vall\u00e9e des belleville","publisher":{"@id":"https:\/\/yoga-axelle.com\/#\/schema\/person\/62229ced9611c30f8c239045dcacbf49"},"potentialAction":[{"@type":"SearchAction","target":{"@type":"EntryPoint","urlTemplate":"https:\/\/yoga-axelle.com\/?s={search_term_string}"},"query-input":{"@type":"PropertyValueSpecification","valueRequired":true,"valueName":"search_term_string"}}],"inLanguage":"fr-FR"},{"@type":["Person","Organization"],"@id":"https:\/\/yoga-axelle.com\/#\/schema\/person\/62229ced9611c30f8c239045dcacbf49","name":"Axelle","image":{"@type":"ImageObject","inLanguage":"fr-FR","@id":"https:\/\/yoga-axelle.com\/#\/schema\/person\/image\/","url":"https:\/\/yoga-axelle.com\/wp-content\/uploads\/2022\/12\/cropped-cropped-cropped-Brown-and-Black-Aesthetic-Skin-Care-Beauty-Logo-2.png","contentUrl":"https:\/\/yoga-axelle.com\/wp-content\/uploads\/2022\/12\/cropped-cropped-cropped-Brown-and-Black-Aesthetic-Skin-Care-Beauty-Logo-2.png","width":272,"height":342,"caption":"Axelle"},"logo":{"@id":"https:\/\/yoga-axelle.com\/#\/schema\/person\/image\/"},"sameAs":["http:\/\/yoga-axelle.com"]}]}},"_links":{"self":[{"href":"https:\/\/yoga-axelle.com\/index.php\/wp-json\/wp\/v2\/pages\/1723","targetHints":{"allow":["GET"]}}],"collection":[{"href":"https:\/\/yoga-axelle.com\/index.php\/wp-json\/wp\/v2\/pages"}],"about":[{"href":"https:\/\/yoga-axelle.com\/index.php\/wp-json\/wp\/v2\/types\/page"}],"author":[{"embeddable":true,"href":"https:\/\/yoga-axelle.com\/index.php\/wp-json\/wp\/v2\/users\/1"}],"replies":[{"embeddable":true,"href":"https:\/\/yoga-axelle.com\/index.php\/wp-json\/wp\/v2\/comments?post=1723"}],"version-history":[{"count":58,"href":"https:\/\/yoga-axelle.com\/index.php\/wp-json\/wp\/v2\/pages\/1723\/revisions"}],"predecessor-version":[{"id":2335,"href":"https:\/\/yoga-axelle.com\/index.php\/wp-json\/wp\/v2\/pages\/1723\/revisions\/2335"}],"wp:attachment":[{"href":"https:\/\/yoga-axelle.com\/index.php\/wp-json\/wp\/v2\/media?parent=1723"}],"curies":[{"name":"wp","href":"https:\/\/api.w.org\/{rel}","templated":true}]}}