{"id":1318,"date":"2021-11-21T15:14:19","date_gmt":"2021-11-21T15:14:19","guid":{"rendered":"http:\/\/yoga-axelle.com\/index.php\/about\/"},"modified":"2022-12-27T20:41:23","modified_gmt":"2022-12-27T19:41:23","slug":"about","status":"publish","type":"page","link":"https:\/\/yoga-axelle.com\/index.php\/about\/","title":{"rendered":"\u00c0 propos"},"content":{"rendered":"\t\t<div data-elementor-type=\"wp-page\" data-elementor-id=\"1318\" class=\"elementor elementor-1318\">\n\t\t\t\t\t\t<section class=\"elementor-section elementor-top-section elementor-element elementor-element-s6ytk02 elementor-section-boxed elementor-section-height-default elementor-section-height-default\" data-id=\"s6ytk02\" data-element_type=\"section\" data-e-type=\"section\" data-settings=\"{&quot;background_background&quot;:&quot;classic&quot;}\">\n\t\t\t\t\t\t<div class=\"elementor-container elementor-column-gap-no\">\n\t\t\t\t\t<div class=\"elementor-column elementor-col-100 elementor-top-column elementor-element elementor-element-16b5116\" data-id=\"16b5116\" data-element_type=\"column\" data-e-type=\"column\">\n\t\t\t<div class=\"elementor-widget-wrap elementor-element-populated\">\n\t\t\t\t\t\t<div class=\"elementor-element elementor-element-c0a99ea elementor-widget elementor-widget-heading\" data-id=\"c0a99ea\" data-element_type=\"widget\" data-e-type=\"widget\" data-widget_type=\"heading.default\">\n\t\t\t\t<div class=\"elementor-widget-container\">\n\t\t\t\t\t<h1 class=\"elementor-heading-title elementor-size-default\">Qui suis-je?<\/h1>\t\t\t\t<\/div>\n\t\t\t\t<\/div>\n\t\t\t\t\t<\/div>\n\t\t<\/div>\n\t\t\t\t\t<\/div>\n\t\t<\/section>\n\t\t\t\t<section class=\"elementor-section elementor-top-section elementor-element elementor-element-87kp47f elementor-section-height-min-height elementor-section-boxed elementor-section-height-default elementor-section-items-middle\" data-id=\"87kp47f\" data-element_type=\"section\" data-e-type=\"section\">\n\t\t\t\t\t\t<div class=\"elementor-container elementor-column-gap-no\">\n\t\t\t\t\t<div class=\"elementor-column elementor-col-100 elementor-top-column elementor-element elementor-element-ef325c4\" data-id=\"ef325c4\" data-element_type=\"column\" data-e-type=\"column\">\n\t\t\t<div class=\"elementor-widget-wrap elementor-element-populated\">\n\t\t\t\t\t\t<section class=\"elementor-section elementor-inner-section elementor-element elementor-element-ebae384 elementor-section-boxed elementor-section-height-default elementor-section-height-default\" data-id=\"ebae384\" data-element_type=\"section\" data-e-type=\"section\">\n\t\t\t\t\t\t<div class=\"elementor-container elementor-column-gap-no\">\n\t\t\t\t\t<div class=\"elementor-column elementor-col-100 elementor-inner-column elementor-element elementor-element-32acb07\" data-id=\"32acb07\" data-element_type=\"column\" data-e-type=\"column\">\n\t\t\t<div class=\"elementor-widget-wrap elementor-element-populated\">\n\t\t\t\t\t\t<div class=\"elementor-element elementor-element-3ca6991 elementor-widget elementor-widget-image\" data-id=\"3ca6991\" data-element_type=\"widget\" data-e-type=\"widget\" data-widget_type=\"image.default\">\n\t\t\t\t<div class=\"elementor-widget-container\">\n\t\t\t\t\t\t\t\t\t\t\t\t\t\t\t<img fetchpriority=\"high\" decoding=\"async\" width=\"1024\" height=\"803\" src=\"https:\/\/yoga-axelle.com\/wp-content\/uploads\/2022\/12\/15072022-Aline_Hudry-32-1024x803.jpg\" class=\"attachment-large size-large wp-image-1622\" alt=\"\" srcset=\"https:\/\/yoga-axelle.com\/wp-content\/uploads\/2022\/12\/15072022-Aline_Hudry-32-1024x803.jpg 1024w, https:\/\/yoga-axelle.com\/wp-content\/uploads\/2022\/12\/15072022-Aline_Hudry-32-300x235.jpg 300w, https:\/\/yoga-axelle.com\/wp-content\/uploads\/2022\/12\/15072022-Aline_Hudry-32-768x602.jpg 768w, https:\/\/yoga-axelle.com\/wp-content\/uploads\/2022\/12\/15072022-Aline_Hudry-32-1536x1205.jpg 1536w, https:\/\/yoga-axelle.com\/wp-content\/uploads\/2022\/12\/15072022-Aline_Hudry-32-2048x1606.jpg 2048w\" sizes=\"(max-width: 1024px) 100vw, 1024px\" \/>\t\t\t\t\t\t\t\t\t\t\t\t\t\t\t<\/div>\n\t\t\t\t<\/div>\n\t\t\t\t\t<\/div>\n\t\t<\/div>\n\t\t\t\t\t<\/div>\n\t\t<\/section>\n\t\t\t\t<div class=\"elementor-element elementor-element-da53abf elementor-widget elementor-widget-text-editor\" data-id=\"da53abf\" data-element_type=\"widget\" data-e-type=\"widget\" data-widget_type=\"text-editor.default\">\n\t\t\t\t<div class=\"elementor-widget-container\">\n\t\t\t\t\t\t\t\t\t<p><span style=\"font-weight: 400;\">Je m\u2019appelle Axelle et voici mon histoire\u2026<\/span><\/p><p>\u00a0<\/p><p><span style=\"font-weight: 400;\">Originaire d\u2019un petit village dans les Hautes-Pyr\u00e9n\u00e9es, j&rsquo;ai grandi au c\u0153ur des montagnes, au rythme des saisons.\u00a0<\/span><\/p><p><span style=\"font-weight: 400;\">Puis, avec l\u2019envie de d\u00e9couvrir autre chose, je pars faire mes \u00e9tudes \u00e0 Bayonne, puis \u00e0 Bordeaux pour valider un Master en communication et publicit\u00e9. La vie citadine ne correspondant pas \u00e0 mes envies, je rentre dans les Pyr\u00e9n\u00e9es pour une saison (enfin une premi\u00e8re\u2026).<\/span><\/p><p>\u00a0<\/p><p><span style=\"font-weight: 400;\">En 2014, je fais mon premier voyage seule et c\u2019est l\u00e0 que je d\u00e9couvre le yoga, dans un studio \u00e0 Queenstown en Nouvelle Z\u00e9lande. J\u2019ai ensuite pass\u00e9 5 ans entre les montagnes Pyr\u00e9n\u00e9enne et des lieux divers et vari\u00e9s aux quatres coins du monde, \u00e0 apprendre de chaque culture.\u00a0 Je pratique alors le yoga seule et je me nourris en cherchant dans les livres, vid\u00e9os et podcasts.<\/span><\/p><p>\u00a0<\/p><p><span style=\"font-weight: 400;\">En 2019, j\u2019ai envie d\u2019aller plus loin dans ma pratique de la m\u00e9ditation et de tourner le regard vers l\u2019int\u00e9rieur, je participe alors \u00e0 une retraite Vipassana de 10 jours. C\u2019est un \u00e9v\u00e9nement marquant de ma vie et des choix que je ferais ensuite.\u00a0\u00a0<\/span><\/p><p><span style=\"font-weight: 400;\">Apr\u00e8s \u00e7a, je rentre en France pour m&rsquo;installer en Savoie o\u00f9 je suis toujours aujourd\u2019hui, car \u00e9voluer au milieu des montagnes reste un \u00e9l\u00e9ment important pour moi.<\/span><\/p><p>\u00a0<\/p><p><span style=\"font-weight: 400;\">Puis c&rsquo;est en 2020 que je rencontre<a href=\"https:\/\/www.withcharlene.com\/\"> Charl\u00e8ne<\/a> professeure de yoga \u00e0 Annecy qui m\u2019apportera (et m\u2019apporte toujours) beaucoup dans ma pratique avec sa douceur et sa bienveillance. Elle me donnera l\u2019envie d\u2019aller plus loin dans ma pratique avant de devenir \u00e0 mon tour professeure.<\/span><\/p><p>\u00a0<\/p><p><span style=\"font-weight: 400;\">Je reste cependant \u00e9l\u00e8ve \u00e0 jamais et je n\u2019ai qu\u2019une envie, continuer \u00e0 me former pour partager toujours plus avec vous!<\/span><\/p><p>\u00a0<\/p><p>Tous ces \u00e9l\u00e9ments font de moi la personne que je suis aujourd&rsquo;hui et c&rsquo;est \u00e9galement ces cultures et rencontres merveilleuses qui fa\u00e7onnent l&rsquo;enseignement que je partage avec vous. Un\u00a0 grand merci \u00e0 tous mes \u00e9l\u00e8ves pour la confiance qu&rsquo;ils m&rsquo;accordent.<\/p><p>\u00a0<\/p><p>A tr\u00e8s vite sur le tapis,\u00a0<\/p><p>Namaste<\/p>\t\t\t\t\t\t\t\t<\/div>\n\t\t\t\t<\/div>\n\t\t\t\t\t<\/div>\n\t\t<\/div>\n\t\t\t\t\t<\/div>\n\t\t<\/section>\n\t\t\t\t<section class=\"elementor-section elementor-top-section elementor-element elementor-element-ni8r35z elementor-section-height-min-height elementor-section-boxed elementor-section-height-default elementor-section-items-middle\" data-id=\"ni8r35z\" data-element_type=\"section\" data-e-type=\"section\">\n\t\t\t\t\t\t\t<div class=\"elementor-background-overlay\"><\/div>\n\t\t\t\t\t\t\t<div class=\"elementor-container elementor-column-gap-no\">\n\t\t\t\t\t<div class=\"elementor-column elementor-col-50 elementor-top-column elementor-element elementor-element-9040626\" data-id=\"9040626\" data-element_type=\"column\" data-e-type=\"column\" data-settings=\"{&quot;background_background&quot;:&quot;classic&quot;}\">\n\t\t\t<div class=\"elementor-widget-wrap elementor-element-populated\">\n\t\t\t\t\t<div class=\"elementor-background-overlay\"><\/div>\n\t\t\t\t\t\t<div class=\"elementor-element elementor-element-a466fa4 elementor-widget elementor-widget-heading\" data-id=\"a466fa4\" data-element_type=\"widget\" data-e-type=\"widget\" data-widget_type=\"heading.default\">\n\t\t\t\t<div class=\"elementor-widget-container\">\n\t\t\t\t\t<h3 class=\"elementor-heading-title elementor-size-default\">Mes formations <\/h3>\t\t\t\t<\/div>\n\t\t\t\t<\/div>\n\t\t\t\t<div class=\"elementor-element elementor-element-c17b1ea elementor-widget-divider--view-line elementor-widget elementor-widget-divider\" data-id=\"c17b1ea\" data-element_type=\"widget\" data-e-type=\"widget\" data-widget_type=\"divider.default\">\n\t\t\t\t<div class=\"elementor-widget-container\">\n\t\t\t\t\t\t\t<div class=\"elementor-divider\">\n\t\t\t<span class=\"elementor-divider-separator\">\n\t\t\t\t\t\t<\/span>\n\t\t<\/div>\n\t\t\t\t\t\t<\/div>\n\t\t\t\t<\/div>\n\t\t\t\t<div class=\"elementor-element elementor-element-7a79b0e elementor-widget elementor-widget-text-editor\" data-id=\"7a79b0e\" data-element_type=\"widget\" data-e-type=\"widget\" data-widget_type=\"text-editor.default\">\n\t\t\t\t<div class=\"elementor-widget-container\">\n\t\t\t\t\t\t\t\t\t<p><span style=\"font-weight: 400;\">Certifi\u00e9e Yoga Alliance 260H<\/span><\/p>\t\t\t\t\t\t\t\t<\/div>\n\t\t\t\t<\/div>\n\t\t\t\t<div class=\"elementor-element elementor-element-ab3bcaa elementor-widget elementor-widget-text-editor\" data-id=\"ab3bcaa\" data-element_type=\"widget\" data-e-type=\"widget\" data-widget_type=\"text-editor.default\">\n\t\t\t\t<div class=\"elementor-widget-container\">\n\t\t\t\t\t\t\t\t\t<p><span style=\"font-weight: 400;\">200H : Hatha Yoga &#8211; Julie Giacomini, Yogaji &amp; Durgaji<\/span><\/p><p><span style=\"font-weight: 400;\">60H : Pre-Post natal avec Louise Cutler, The Space\u00a0 Paris<\/span><\/p>\t\t\t\t\t\t\t\t<\/div>\n\t\t\t\t<\/div>\n\t\t\t\t\t<\/div>\n\t\t<\/div>\n\t\t\t\t<div class=\"elementor-column elementor-col-50 elementor-top-column elementor-element elementor-element-aa618d9\" data-id=\"aa618d9\" data-element_type=\"column\" data-e-type=\"column\">\n\t\t\t<div class=\"elementor-widget-wrap\">\n\t\t\t\t\t\t\t<\/div>\n\t\t<\/div>\n\t\t\t\t\t<\/div>\n\t\t<\/section>\n\t\t\t\t<section class=\"elementor-section elementor-top-section elementor-element elementor-element-vu6zryd elementor-section-boxed elementor-section-height-default elementor-section-height-default\" data-id=\"vu6zryd\" data-element_type=\"section\" data-e-type=\"section\" data-settings=\"{&quot;background_background&quot;:&quot;classic&quot;}\">\n\t\t\t\t\t\t<div class=\"elementor-container elementor-column-gap-no\">\n\t\t\t\t\t<div class=\"elementor-column elementor-col-100 elementor-top-column elementor-element elementor-element-dd73c0f\" data-id=\"dd73c0f\" data-element_type=\"column\" data-e-type=\"column\">\n\t\t\t<div class=\"elementor-widget-wrap\">\n\t\t\t\t\t\t\t<\/div>\n\t\t<\/div>\n\t\t\t\t\t<\/div>\n\t\t<\/section>\n\t\t\t\t<\/div>\n\t\t","protected":false},"excerpt":{"rendered":"<p>Qui suis-je? Je m\u2019appelle Axelle et voici mon histoire\u2026 \u00a0 Originaire d\u2019un petit village dans les Hautes-Pyr\u00e9n\u00e9es, j&rsquo;ai grandi au c\u0153ur des montagnes, au rythme des saisons.\u00a0 Puis, avec l\u2019envie de d\u00e9couvrir autre chose, je pars faire mes \u00e9tudes \u00e0 Bayonne, puis \u00e0 Bordeaux pour valider un Master en communication et publicit\u00e9. La vie citadine [&hellip;]<\/p>\n","protected":false},"author":1,"featured_media":0,"parent":0,"menu_order":0,"comment_status":"closed","ping_status":"closed","template":"","meta":{"site-sidebar-layout":"no-sidebar","site-content-layout":"page-builder","ast-site-content-layout":"default","site-content-style":"default","site-sidebar-style":"default","ast-global-header-display":"","ast-banner-title-visibility":"","ast-main-header-display":"","ast-hfb-above-header-display":"","ast-hfb-below-header-display":"","ast-hfb-mobile-header-display":"","site-post-title":"disabled","ast-breadcrumbs-content":"","ast-featured-img":"disabled","footer-sml-layout":"","ast-disable-related-posts":"","theme-transparent-header-meta":"enabled","adv-header-id-meta":"","stick-header-meta":"","header-above-stick-meta":"","header-main-stick-meta":"","header-below-stick-meta":"","astra-migrate-meta-layouts":"default","ast-page-background-enabled":"default","ast-page-background-meta":{"desktop":{"background-color":"var(--ast-global-color-4)","background-image":"","background-repeat":"repeat","background-position":"center center","background-size":"auto","background-attachment":"scroll","background-type":"","background-media":"","overlay-type":"","overlay-color":"","overlay-opacity":"","overlay-gradient":""},"tablet":{"background-color":"","background-image":"","background-repeat":"repeat","background-position":"center center","background-size":"auto","background-attachment":"scroll","background-type":"","background-media":"","overlay-type":"","overlay-color":"","overlay-opacity":"","overlay-gradient":""},"mobile":{"background-color":"","background-image":"","background-repeat":"repeat","background-position":"center center","background-size":"auto","background-attachment":"scroll","background-type":"","background-media":"","overlay-type":"","overlay-color":"","overlay-opacity":"","overlay-gradient":""}},"ast-content-background-meta":{"desktop":{"background-color":"var(--ast-global-color-5)","background-image":"","background-repeat":"repeat","background-position":"center center","background-size":"auto","background-attachment":"scroll","background-type":"","background-media":"","overlay-type":"","overlay-color":"","overlay-opacity":"","overlay-gradient":""},"tablet":{"background-color":"var(--ast-global-color-5)","background-image":"","background-repeat":"repeat","background-position":"center center","background-size":"auto","background-attachment":"scroll","background-type":"","background-media":"","overlay-type":"","overlay-color":"","overlay-opacity":"","overlay-gradient":""},"mobile":{"background-color":"var(--ast-global-color-5)","background-image":"","background-repeat":"repeat","background-position":"center center","background-size":"auto","background-attachment":"scroll","background-type":"","background-media":"","overlay-type":"","overlay-color":"","overlay-opacity":"","overlay-gradient":""}},"footnotes":""},"class_list":["post-1318","page","type-page","status-publish","hentry"],"yoast_head":"<!-- This site is optimized with the Yoast SEO plugin v26.9 - https:\/\/yoast.com\/product\/yoast-seo-wordpress\/ -->\n<title>\u00c0 propos - Yoga avec Axelle<\/title>\n<meta name=\"robots\" content=\"index, follow, max-snippet:-1, max-image-preview:large, max-video-preview:-1\" \/>\n<link rel=\"canonical\" href=\"https:\/\/yoga-axelle.com\/index.php\/about\/\" \/>\n<meta property=\"og:locale\" content=\"fr_FR\" \/>\n<meta property=\"og:type\" content=\"article\" \/>\n<meta property=\"og:title\" content=\"\u00c0 propos - Yoga avec Axelle\" \/>\n<meta property=\"og:description\" content=\"Qui suis-je? Je m\u2019appelle Axelle et voici mon histoire\u2026 \u00a0 Originaire d\u2019un petit village dans les Hautes-Pyr\u00e9n\u00e9es, j&rsquo;ai grandi au c\u0153ur des montagnes, au rythme des saisons.\u00a0 Puis, avec l\u2019envie de d\u00e9couvrir autre chose, je pars faire mes \u00e9tudes \u00e0 Bayonne, puis \u00e0 Bordeaux pour valider un Master en communication et publicit\u00e9. La vie citadine [&hellip;]\" \/>\n<meta property=\"og:url\" content=\"https:\/\/yoga-axelle.com\/index.php\/about\/\" \/>\n<meta property=\"og:site_name\" content=\"Yoga avec Axelle\" \/>\n<meta property=\"article:modified_time\" content=\"2022-12-27T19:41:23+00:00\" \/>\n<meta property=\"og:image\" content=\"http:\/\/yoga-axelle.com\/wp-content\/uploads\/2022\/12\/15072022-Aline_Hudry-32-1024x803.jpg\" \/>\n<meta name=\"twitter:card\" content=\"summary_large_image\" \/>\n<meta name=\"twitter:label1\" content=\"Dur\u00e9e de lecture estim\u00e9e\" \/>\n\t<meta name=\"twitter:data1\" content=\"2 minutes\" \/>\n<script type=\"application\/ld+json\" class=\"yoast-schema-graph\">{\"@context\":\"https:\/\/schema.org\",\"@graph\":[{\"@type\":\"WebPage\",\"@id\":\"https:\/\/yoga-axelle.com\/index.php\/about\/\",\"url\":\"https:\/\/yoga-axelle.com\/index.php\/about\/\",\"name\":\"\u00c0 propos - Yoga avec Axelle\",\"isPartOf\":{\"@id\":\"https:\/\/yoga-axelle.com\/#website\"},\"primaryImageOfPage\":{\"@id\":\"https:\/\/yoga-axelle.com\/index.php\/about\/#primaryimage\"},\"image\":{\"@id\":\"https:\/\/yoga-axelle.com\/index.php\/about\/#primaryimage\"},\"thumbnailUrl\":\"http:\/\/yoga-axelle.com\/wp-content\/uploads\/2022\/12\/15072022-Aline_Hudry-32-1024x803.jpg\",\"datePublished\":\"2021-11-21T15:14:19+00:00\",\"dateModified\":\"2022-12-27T19:41:23+00:00\",\"breadcrumb\":{\"@id\":\"https:\/\/yoga-axelle.com\/index.php\/about\/#breadcrumb\"},\"inLanguage\":\"fr-FR\",\"potentialAction\":[{\"@type\":\"ReadAction\",\"target\":[\"https:\/\/yoga-axelle.com\/index.php\/about\/\"]}]},{\"@type\":\"ImageObject\",\"inLanguage\":\"fr-FR\",\"@id\":\"https:\/\/yoga-axelle.com\/index.php\/about\/#primaryimage\",\"url\":\"http:\/\/yoga-axelle.com\/wp-content\/uploads\/2022\/12\/15072022-Aline_Hudry-32-1024x803.jpg\",\"contentUrl\":\"http:\/\/yoga-axelle.com\/wp-content\/uploads\/2022\/12\/15072022-Aline_Hudry-32-1024x803.jpg\"},{\"@type\":\"BreadcrumbList\",\"@id\":\"https:\/\/yoga-axelle.com\/index.php\/about\/#breadcrumb\",\"itemListElement\":[{\"@type\":\"ListItem\",\"position\":1,\"name\":\"Accueil\",\"item\":\"https:\/\/yoga-axelle.com\/\"},{\"@type\":\"ListItem\",\"position\":2,\"name\":\"\u00c0 propos\"}]},{\"@type\":\"WebSite\",\"@id\":\"https:\/\/yoga-axelle.com\/#website\",\"url\":\"https:\/\/yoga-axelle.com\/\",\"name\":\"Yoga avec Axelle\",\"description\":\"Cours de yoga dans la vall\u00e9e des belleville\",\"publisher\":{\"@id\":\"https:\/\/yoga-axelle.com\/#\/schema\/person\/62229ced9611c30f8c239045dcacbf49\"},\"potentialAction\":[{\"@type\":\"SearchAction\",\"target\":{\"@type\":\"EntryPoint\",\"urlTemplate\":\"https:\/\/yoga-axelle.com\/?s={search_term_string}\"},\"query-input\":{\"@type\":\"PropertyValueSpecification\",\"valueRequired\":true,\"valueName\":\"search_term_string\"}}],\"inLanguage\":\"fr-FR\"},{\"@type\":[\"Person\",\"Organization\"],\"@id\":\"https:\/\/yoga-axelle.com\/#\/schema\/person\/62229ced9611c30f8c239045dcacbf49\",\"name\":\"Axelle\",\"image\":{\"@type\":\"ImageObject\",\"inLanguage\":\"fr-FR\",\"@id\":\"https:\/\/yoga-axelle.com\/#\/schema\/person\/image\/\",\"url\":\"https:\/\/yoga-axelle.com\/wp-content\/uploads\/2022\/12\/cropped-cropped-cropped-Brown-and-Black-Aesthetic-Skin-Care-Beauty-Logo-2.png\",\"contentUrl\":\"https:\/\/yoga-axelle.com\/wp-content\/uploads\/2022\/12\/cropped-cropped-cropped-Brown-and-Black-Aesthetic-Skin-Care-Beauty-Logo-2.png\",\"width\":272,\"height\":342,\"caption\":\"Axelle\"},\"logo\":{\"@id\":\"https:\/\/yoga-axelle.com\/#\/schema\/person\/image\/\"},\"sameAs\":[\"http:\/\/yoga-axelle.com\"]}]}<\/script>\n<!-- \/ Yoast SEO plugin. -->","yoast_head_json":{"title":"\u00c0 propos - Yoga avec Axelle","robots":{"index":"index","follow":"follow","max-snippet":"max-snippet:-1","max-image-preview":"max-image-preview:large","max-video-preview":"max-video-preview:-1"},"canonical":"https:\/\/yoga-axelle.com\/index.php\/about\/","og_locale":"fr_FR","og_type":"article","og_title":"\u00c0 propos - Yoga avec Axelle","og_description":"Qui suis-je? Je m\u2019appelle Axelle et voici mon histoire\u2026 \u00a0 Originaire d\u2019un petit village dans les Hautes-Pyr\u00e9n\u00e9es, j&rsquo;ai grandi au c\u0153ur des montagnes, au rythme des saisons.\u00a0 Puis, avec l\u2019envie de d\u00e9couvrir autre chose, je pars faire mes \u00e9tudes \u00e0 Bayonne, puis \u00e0 Bordeaux pour valider un Master en communication et publicit\u00e9. La vie citadine [&hellip;]","og_url":"https:\/\/yoga-axelle.com\/index.php\/about\/","og_site_name":"Yoga avec Axelle","article_modified_time":"2022-12-27T19:41:23+00:00","og_image":[{"url":"http:\/\/yoga-axelle.com\/wp-content\/uploads\/2022\/12\/15072022-Aline_Hudry-32-1024x803.jpg","type":"","width":"","height":""}],"twitter_card":"summary_large_image","twitter_misc":{"Dur\u00e9e de lecture estim\u00e9e":"2 minutes"},"schema":{"@context":"https:\/\/schema.org","@graph":[{"@type":"WebPage","@id":"https:\/\/yoga-axelle.com\/index.php\/about\/","url":"https:\/\/yoga-axelle.com\/index.php\/about\/","name":"\u00c0 propos - Yoga avec Axelle","isPartOf":{"@id":"https:\/\/yoga-axelle.com\/#website"},"primaryImageOfPage":{"@id":"https:\/\/yoga-axelle.com\/index.php\/about\/#primaryimage"},"image":{"@id":"https:\/\/yoga-axelle.com\/index.php\/about\/#primaryimage"},"thumbnailUrl":"http:\/\/yoga-axelle.com\/wp-content\/uploads\/2022\/12\/15072022-Aline_Hudry-32-1024x803.jpg","datePublished":"2021-11-21T15:14:19+00:00","dateModified":"2022-12-27T19:41:23+00:00","breadcrumb":{"@id":"https:\/\/yoga-axelle.com\/index.php\/about\/#breadcrumb"},"inLanguage":"fr-FR","potentialAction":[{"@type":"ReadAction","target":["https:\/\/yoga-axelle.com\/index.php\/about\/"]}]},{"@type":"ImageObject","inLanguage":"fr-FR","@id":"https:\/\/yoga-axelle.com\/index.php\/about\/#primaryimage","url":"http:\/\/yoga-axelle.com\/wp-content\/uploads\/2022\/12\/15072022-Aline_Hudry-32-1024x803.jpg","contentUrl":"http:\/\/yoga-axelle.com\/wp-content\/uploads\/2022\/12\/15072022-Aline_Hudry-32-1024x803.jpg"},{"@type":"BreadcrumbList","@id":"https:\/\/yoga-axelle.com\/index.php\/about\/#breadcrumb","itemListElement":[{"@type":"ListItem","position":1,"name":"Accueil","item":"https:\/\/yoga-axelle.com\/"},{"@type":"ListItem","position":2,"name":"\u00c0 propos"}]},{"@type":"WebSite","@id":"https:\/\/yoga-axelle.com\/#website","url":"https:\/\/yoga-axelle.com\/","name":"Yoga avec Axelle","description":"Cours de yoga dans la vall\u00e9e des belleville","publisher":{"@id":"https:\/\/yoga-axelle.com\/#\/schema\/person\/62229ced9611c30f8c239045dcacbf49"},"potentialAction":[{"@type":"SearchAction","target":{"@type":"EntryPoint","urlTemplate":"https:\/\/yoga-axelle.com\/?s={search_term_string}"},"query-input":{"@type":"PropertyValueSpecification","valueRequired":true,"valueName":"search_term_string"}}],"inLanguage":"fr-FR"},{"@type":["Person","Organization"],"@id":"https:\/\/yoga-axelle.com\/#\/schema\/person\/62229ced9611c30f8c239045dcacbf49","name":"Axelle","image":{"@type":"ImageObject","inLanguage":"fr-FR","@id":"https:\/\/yoga-axelle.com\/#\/schema\/person\/image\/","url":"https:\/\/yoga-axelle.com\/wp-content\/uploads\/2022\/12\/cropped-cropped-cropped-Brown-and-Black-Aesthetic-Skin-Care-Beauty-Logo-2.png","contentUrl":"https:\/\/yoga-axelle.com\/wp-content\/uploads\/2022\/12\/cropped-cropped-cropped-Brown-and-Black-Aesthetic-Skin-Care-Beauty-Logo-2.png","width":272,"height":342,"caption":"Axelle"},"logo":{"@id":"https:\/\/yoga-axelle.com\/#\/schema\/person\/image\/"},"sameAs":["http:\/\/yoga-axelle.com"]}]}},"_links":{"self":[{"href":"https:\/\/yoga-axelle.com\/index.php\/wp-json\/wp\/v2\/pages\/1318","targetHints":{"allow":["GET"]}}],"collection":[{"href":"https:\/\/yoga-axelle.com\/index.php\/wp-json\/wp\/v2\/pages"}],"about":[{"href":"https:\/\/yoga-axelle.com\/index.php\/wp-json\/wp\/v2\/types\/page"}],"author":[{"embeddable":true,"href":"https:\/\/yoga-axelle.com\/index.php\/wp-json\/wp\/v2\/users\/1"}],"replies":[{"embeddable":true,"href":"https:\/\/yoga-axelle.com\/index.php\/wp-json\/wp\/v2\/comments?post=1318"}],"version-history":[{"count":41,"href":"https:\/\/yoga-axelle.com\/index.php\/wp-json\/wp\/v2\/pages\/1318\/revisions"}],"predecessor-version":[{"id":1625,"href":"https:\/\/yoga-axelle.com\/index.php\/wp-json\/wp\/v2\/pages\/1318\/revisions\/1625"}],"wp:attachment":[{"href":"https:\/\/yoga-axelle.com\/index.php\/wp-json\/wp\/v2\/media?parent=1318"}],"curies":[{"name":"wp","href":"https:\/\/api.w.org\/{rel}","templated":true}]}}